{"id":11509,"date":"2021-09-24T11:06:30","date_gmt":"2021-09-24T11:06:30","guid":{"rendered":"https:\/\/dosterraswinegarden.com\/entorno\/"},"modified":"2023-09-15T13:25:17","modified_gmt":"2023-09-15T13:25:17","slug":"espacios","status":"publish","type":"page","link":"https:\/\/dosterraswinegarden.com\/es\/espacios\/","title":{"rendered":"Espacios"},"content":{"rendered":"\t\t<div data-elementor-type=\"wp-page\" data-elementor-id=\"11509\" class=\"elementor elementor-11509 elementor-2431\">\n\t\t\t\t\t\t<section class=\"elementor-section elementor-top-section elementor-element elementor-element-008c5a9 elementor-section-boxed elementor-section-height-default elementor-section-height-default qodef-elementor-content-no\" data-id=\"008c5a9\" data-element_type=\"section\" data-e-type=\"section\">\n\t\t\t\t\t\t<div class=\"elementor-container elementor-column-gap-default\">\n\t\t\t\t\t<div class=\"elementor-column elementor-col-100 elementor-top-column elementor-element elementor-element-3b894ed\" data-id=\"3b894ed\" data-element_type=\"column\" data-e-type=\"column\">\n\t\t\t<div class=\"elementor-widget-wrap elementor-element-populated\">\n\t\t\t\t\t\t<div class=\"elementor-element elementor-element-ba1c24a elementor-widget elementor-widget-blanquette_core_section_title\" data-id=\"ba1c24a\" data-element_type=\"widget\" data-e-type=\"widget\" data-widget_type=\"blanquette_core_section_title.default\">\n\t\t\t\t<div class=\"elementor-widget-container\">\n\t\t\t\t\t<div class=\"qodef-shortcode qodef-m  qodef-section-title qodef-alignment--center \">\n\t\t<h6 class=\"qodef-m-subtitle\" style=\"margin-bottom: -3px\">POSIBILIDADES INFINITAS<\/h6>\r\n\t\t<h2 class=\"qodef-m-title\" >\n\t\t\t\t\tESPACIOS POLIVALENTES\t\t\t<\/h2>\n\t\t<p class=\"qodef-m-section-text\" style=\"margin-top: 15px\">Dosterras Wine Garden se encuentra rodeada de los vi\u00f1edos y de unas imponentes vistas del parque natural de la Sierra de Llaberia.\nTenemos diferentes espacios que te permitir\u00e1n dise\u00f1ar el evento de tus sue\u00f1os: la Mas\u00eda y su \u00e1rbol centenario, nuestro restaurante y wine bar al aire libre, Fusta i Foc, y el Celler Dosterras, donde contamos con una excepcional gama de vinos procedentes de los vi\u00f1edos de la finca y cercan\u00edas.<\/p>\n\t<\/div>\n\t\t\t\t<\/div>\n\t\t\t\t<\/div>\n\t\t\t\t\t<\/div>\n\t\t<\/div>\n\t\t\t\t\t<\/div>\n\t\t<\/section>\n\t\t\t\t<section class=\"elementor-section elementor-top-section elementor-element elementor-element-7754db99 elementor-section-full_width qodef-elementor-content-grid image-mirrored elementor-reverse-tablet elementor-reverse-mobile elementor-section-height-default elementor-section-height-default\" data-id=\"7754db99\" data-element_type=\"section\" data-e-type=\"section\">\n\t\t\t\t\t\t<div class=\"elementor-container elementor-column-gap-default\">\n\t\t\t\t\t<div class=\"elementor-column elementor-col-50 elementor-top-column elementor-element elementor-element-131a2df1\" data-id=\"131a2df1\" data-element_type=\"column\" data-e-type=\"column\">\n\t\t\t<div class=\"elementor-widget-wrap elementor-element-populated\">\n\t\t\t\t\t\t<div class=\"elementor-element elementor-element-14f24ee5 elementor-widget elementor-widget-blanquette_core_section_title\" data-id=\"14f24ee5\" data-element_type=\"widget\" data-e-type=\"widget\" data-widget_type=\"blanquette_core_section_title.default\">\n\t\t\t\t<div class=\"elementor-widget-container\">\n\t\t\t\t\t<div class=\"qodef-shortcode qodef-m  qodef-section-title qodef-alignment--right \">\n\t\t<h6 class=\"qodef-m-subtitle\" style=\"margin-bottom: -3px\">WINE BAR y zona de GRILL<\/h6>\r\n\t\t<h3 class=\"qodef-m-title\" >\n\t\t\t\t\tFUSTA I FOC\t\t\t<\/h3>\n\t\t<p class=\"qodef-m-section-text\" style=\"margin-top: 15px\">Fusta i Foc (&quot;Madera y Fuego&quot; en catal\u00e1n), es nuestro restaurante y wine bar. Equipado con una cocina al aire libre, un asador y una zona cubierta, es un espacio ideal para realizar convites, cocinar a las brasas, realizar showcookings y degustar vinos.<\/p>\n\t<\/div>\n\t\t\t\t<\/div>\n\t\t\t\t<\/div>\n\t\t\t\t\t<\/div>\n\t\t<\/div>\n\t\t\t\t<div class=\"elementor-column elementor-col-50 elementor-top-column elementor-element elementor-element-35426780 elementor-invisible\" data-id=\"35426780\" data-element_type=\"column\" data-e-type=\"column\" data-settings=\"{&quot;animation&quot;:&quot;fadeInRight&quot;}\">\n\t\t\t<div class=\"elementor-widget-wrap elementor-element-populated\">\n\t\t\t\t\t\t<div class=\"elementor-element elementor-element-6b341a1c elementor-widget elementor-widget-blanquette_core_stacked_images\" data-id=\"6b341a1c\" data-element_type=\"widget\" data-e-type=\"widget\" data-widget_type=\"blanquette_core_stacked_images.default\">\n\t\t\t\t<div class=\"elementor-widget-container\">\n\t\t\t\t\t<div class=\"qodef-shortcode qodef-m  qodef-stacked-images qodef-stacked-images-948 qodef-layout--default \">\n\t<div class=\"qodef-m-images\">\n\t\t\t\t\t<div class=\"qodef-m-image\">\n\t\t\t\t<img fetchpriority=\"high\" decoding=\"async\" src=\"https:\/\/dosterraswinegarden.com\/wp-content\/uploads\/2023\/08\/\u00a9EstudiTardet_DWG3-scaled-400x600.jpg\" alt=\"\" width=\"400\" height=\"600\" data-ratio=\"0.66666666666667\" \/>\t\t\t<\/div>\n\t\t\t\t\t\t\t<div class=\"qodef-m-image qodef-m-stacked-image qodef-parallax-item\" style=\"top: 17%;left: -80%;text-align: left\">\n\t\t\t\t<img decoding=\"async\" src=\"https:\/\/dosterraswinegarden.com\/wp-content\/uploads\/2022\/07\/4FUSTAIFOCHOME-scaled-e1659609609233-400x400.jpg\" alt=\"\" width=\"400\" height=\"400\" data-ratio=\"1\" \/>\t\t\t<\/div>\n\t\t\t<\/div>\n<\/div>\n\t\t\t\t<\/div>\n\t\t\t\t<\/div>\n\t\t\t\t\t<\/div>\n\t\t<\/div>\n\t\t\t\t\t<\/div>\n\t\t<\/section>\n\t\t\t\t<section class=\"elementor-section elementor-top-section elementor-element elementor-element-0c8a9aa elementor-section-full_width qodef-elementor-content-grid elementor-section-height-default elementor-section-height-default\" data-id=\"0c8a9aa\" data-element_type=\"section\" data-e-type=\"section\">\n\t\t\t\t\t\t<div class=\"elementor-container elementor-column-gap-default\">\n\t\t\t\t\t<div class=\"elementor-column elementor-col-50 elementor-top-column elementor-element elementor-element-c90d224 elementor-invisible\" data-id=\"c90d224\" data-element_type=\"column\" data-e-type=\"column\" data-settings=\"{&quot;animation&quot;:&quot;fadeInLeft&quot;}\">\n\t\t\t<div class=\"elementor-widget-wrap elementor-element-populated\">\n\t\t\t\t\t\t<div class=\"elementor-element elementor-element-66b8114 e-transform elementor-widget elementor-widget-blanquette_core_stacked_images\" data-id=\"66b8114\" data-element_type=\"widget\" data-e-type=\"widget\" data-settings=\"{&quot;_transform_translateX_effect&quot;:{&quot;unit&quot;:&quot;px&quot;,&quot;size&quot;:&quot;&quot;,&quot;sizes&quot;:[]},&quot;_transform_translateX_effect_tablet&quot;:{&quot;unit&quot;:&quot;px&quot;,&quot;size&quot;:&quot;&quot;,&quot;sizes&quot;:[]},&quot;_transform_translateX_effect_mobile&quot;:{&quot;unit&quot;:&quot;px&quot;,&quot;size&quot;:&quot;&quot;,&quot;sizes&quot;:[]},&quot;_transform_translateY_effect&quot;:{&quot;unit&quot;:&quot;px&quot;,&quot;size&quot;:&quot;&quot;,&quot;sizes&quot;:[]},&quot;_transform_translateY_effect_tablet&quot;:{&quot;unit&quot;:&quot;px&quot;,&quot;size&quot;:&quot;&quot;,&quot;sizes&quot;:[]},&quot;_transform_translateY_effect_mobile&quot;:{&quot;unit&quot;:&quot;px&quot;,&quot;size&quot;:&quot;&quot;,&quot;sizes&quot;:[]}}\" data-widget_type=\"blanquette_core_stacked_images.default\">\n\t\t\t\t<div class=\"elementor-widget-container\">\n\t\t\t\t\t<div class=\"qodef-shortcode qodef-m  qodef-stacked-images qodef-stacked-images-513 qodef-layout--default \">\n\t<div class=\"qodef-m-images\">\n\t\t\t\t\t<div class=\"qodef-m-image\">\n\t\t\t\t<img decoding=\"async\" src=\"https:\/\/dosterraswinegarden.com\/wp-content\/uploads\/2023\/08\/\u00a9EstudiTardet_Terrer_10-scaled-400x600.jpg\" alt=\"\" width=\"400\" height=\"600\" data-ratio=\"0.66666666666667\" \/>\t\t\t<\/div>\n\t\t\t\t\t\t\t<div class=\"qodef-m-image qodef-m-stacked-image qodef-parallax-item\" style=\"top: 17%;left: 80%;text-align: left\">\n\t\t\t\t<img loading=\"lazy\" decoding=\"async\" src=\"https:\/\/dosterraswinegarden.com\/wp-content\/uploads\/2023\/08\/DJI_0129a-scaled-400x400.jpg\" alt=\"\" width=\"400\" height=\"400\" data-ratio=\"1\" \/>\t\t\t<\/div>\n\t\t\t<\/div>\n<\/div>\n\t\t\t\t<\/div>\n\t\t\t\t<\/div>\n\t\t\t\t\t<\/div>\n\t\t<\/div>\n\t\t\t\t<div class=\"elementor-column elementor-col-50 elementor-top-column elementor-element elementor-element-cf52cac\" data-id=\"cf52cac\" data-element_type=\"column\" data-e-type=\"column\">\n\t\t\t<div class=\"elementor-widget-wrap elementor-element-populated\">\n\t\t\t\t\t\t<div class=\"elementor-element elementor-element-29b0e30 elementor-widget elementor-widget-blanquette_core_section_title\" data-id=\"29b0e30\" data-element_type=\"widget\" data-e-type=\"widget\" data-widget_type=\"blanquette_core_section_title.default\">\n\t\t\t\t<div class=\"elementor-widget-container\">\n\t\t\t\t\t<div class=\"qodef-shortcode qodef-m  qodef-section-title qodef-alignment--left \">\n\t\t<h6 class=\"qodef-m-subtitle\" style=\"margin-bottom: -3px\">HOTEL RURAL<\/h6>\r\n\t\t<h3 class=\"qodef-m-title\" >\n\t\t\t\t\tLA MASIA\t\t\t<\/h3>\n\t\t<p class=\"qodef-m-section-text\" style=\"margin-top: 15px\">La mas\u00eda es un tesoro hist\u00f3rico del siglo XIX de elegancia r\u00fastica. Se restaur\u00f3 para crear un peque\u00f1o hotel de 6 habitaciones con todo el encanto y tranquilidad de su entorno natural sin renunciar al confort y los servicios. \u00a1Un espacio disponible para ti y tus invitados!<\/p>\n\t<\/div>\n\t\t\t\t<\/div>\n\t\t\t\t<\/div>\n\t\t\t\t\t<\/div>\n\t\t<\/div>\n\t\t\t\t\t<\/div>\n\t\t<\/section>\n\t\t\t\t<section class=\"elementor-section elementor-top-section elementor-element elementor-element-4b86638 elementor-section-full_width qodef-elementor-content-grid image-mirrored elementor-reverse-tablet elementor-reverse-mobile elementor-section-height-default elementor-section-height-default\" data-id=\"4b86638\" data-element_type=\"section\" data-e-type=\"section\">\n\t\t\t\t\t\t<div class=\"elementor-container elementor-column-gap-default\">\n\t\t\t\t\t<div class=\"elementor-column elementor-col-50 elementor-top-column elementor-element elementor-element-f2ec0f0\" data-id=\"f2ec0f0\" data-element_type=\"column\" data-e-type=\"column\">\n\t\t\t<div class=\"elementor-widget-wrap elementor-element-populated\">\n\t\t\t\t\t\t<div class=\"elementor-element elementor-element-b2cd0e1 elementor-widget elementor-widget-blanquette_core_section_title\" data-id=\"b2cd0e1\" data-element_type=\"widget\" data-e-type=\"widget\" data-widget_type=\"blanquette_core_section_title.default\">\n\t\t\t\t<div class=\"elementor-widget-container\">\n\t\t\t\t\t<div class=\"qodef-shortcode qodef-m  qodef-section-title qodef-alignment--right \">\n\t\t<h6 class=\"qodef-m-subtitle\" style=\"margin-bottom: -3px\">AL CORAZ\u00d3N DE LA D.O. MONTSANT<\/h6>\r\n\t\t<h3 class=\"qodef-m-title\" >\n\t\t\t\t\tCELLER DOSTERRAS\t\t\t<\/h3>\n\t\t<p class=\"qodef-m-section-text\" style=\"margin-top: 15px\">La bodega Dosterras se construy\u00f3 en 2019 con criterios innovadores para conseguir la estabilidad y el reposo del vino. Desde entonces implementamos los sistemas m\u00e1s eficientes y sostenibles, teniendo en cuenta el impacto de nuestra actividad en el entorno. Un espacio \u00fanico, con gran sal\u00f3n para eventos y catas.<\/p>\n\t<\/div>\n\t\t\t\t<\/div>\n\t\t\t\t<\/div>\n\t\t\t\t<div class=\"elementor-element elementor-element-f57d76c d-flex-justify-end elementor-widget elementor-widget-blanquette_core_button\" data-id=\"f57d76c\" data-element_type=\"widget\" data-e-type=\"widget\" data-widget_type=\"blanquette_core_button.default\">\n\t\t\t\t<div class=\"elementor-widget-container\">\n\t\t\t\t\t<a class=\"qodef-shortcode qodef-m  qodef-button qodef-layout--filled-one  qodef-html--link\" href=\"https:\/\/aj7.499.myftpupload.com\/contacte\/\" target=\"_self\"  >\n\t<span class=\"qodef-m-text\">RESERVA ENOTURISMO<\/span>\n<\/a>\n\t\t\t\t<\/div>\n\t\t\t\t<\/div>\n\t\t\t\t\t<\/div>\n\t\t<\/div>\n\t\t\t\t<div class=\"elementor-column elementor-col-50 elementor-top-column elementor-element elementor-element-8d7d819 elementor-invisible\" data-id=\"8d7d819\" data-element_type=\"column\" data-e-type=\"column\" data-settings=\"{&quot;animation&quot;:&quot;fadeInRight&quot;}\">\n\t\t\t<div class=\"elementor-widget-wrap elementor-element-populated\">\n\t\t\t\t\t\t<div class=\"elementor-element elementor-element-94bd635 elementor-widget elementor-widget-blanquette_core_stacked_images\" data-id=\"94bd635\" data-element_type=\"widget\" data-e-type=\"widget\" data-widget_type=\"blanquette_core_stacked_images.default\">\n\t\t\t\t<div class=\"elementor-widget-container\">\n\t\t\t\t\t<div class=\"qodef-shortcode qodef-m  qodef-stacked-images qodef-stacked-images-701 qodef-layout--default \">\n\t<div class=\"qodef-m-images\">\n\t\t\t\t\t<div class=\"qodef-m-image\">\n\t\t\t\t<img loading=\"lazy\" decoding=\"async\" src=\"https:\/\/dosterraswinegarden.com\/wp-content\/uploads\/2023\/08\/\u00a9EstudiTardet_DWG16-scaled-400x600.jpg\" alt=\"\" width=\"400\" height=\"600\" data-ratio=\"0.66666666666667\" \/>\t\t\t<\/div>\n\t\t\t\t\t\t\t<div class=\"qodef-m-image qodef-m-stacked-image qodef-parallax-item\" style=\"top: 17%;left: -80%;text-align: left\">\n\t\t\t\t<img loading=\"lazy\" decoding=\"async\" src=\"https:\/\/dosterraswinegarden.com\/wp-content\/uploads\/2023\/03\/\u00a9Tardet_FustaiFoc13-scaled-400x400.jpg\" alt=\"\" width=\"400\" height=\"400\" data-ratio=\"1\" \/>\t\t\t<\/div>\n\t\t\t<\/div>\n<\/div>\n\t\t\t\t<\/div>\n\t\t\t\t<\/div>\n\t\t\t\t\t<\/div>\n\t\t<\/div>\n\t\t\t\t\t<\/div>\n\t\t<\/section>\n\t\t\t\t<section class=\"elementor-section elementor-top-section elementor-element elementor-element-12d5bc2a elementor-section-full_width elementor-section-height-default elementor-section-height-default qodef-elementor-content-no\" data-id=\"12d5bc2a\" data-element_type=\"section\" data-e-type=\"section\">\n\t\t\t\t\t\t<div class=\"elementor-container elementor-column-gap-no\">\n\t\t\t\t\t<div class=\"elementor-column elementor-col-100 elementor-top-column elementor-element elementor-element-1815b95\" data-id=\"1815b95\" data-element_type=\"column\" data-e-type=\"column\">\n\t\t\t<div class=\"elementor-widget-wrap elementor-element-populated\">\n\t\t\t\t\t\t<div class=\"elementor-element elementor-element-3e9b12f6 elementor-arrows-position-inside elementor-widget elementor-widget-image-carousel\" data-id=\"3e9b12f6\" data-element_type=\"widget\" data-e-type=\"widget\" data-settings=\"{&quot;slides_to_show&quot;:&quot;1&quot;,&quot;autoplay&quot;:&quot;no&quot;,&quot;infinite&quot;:&quot;no&quot;,&quot;lazyload&quot;:&quot;yes&quot;,&quot;effect&quot;:&quot;fade&quot;,&quot;navigation&quot;:&quot;arrows&quot;,&quot;speed&quot;:500}\" data-widget_type=\"image-carousel.default\">\n\t\t\t\t<div class=\"elementor-widget-container\">\n\t\t\t\t\t\t\t<div class=\"elementor-image-carousel-wrapper swiper\" role=\"region\" aria-roledescription=\"carousel\" aria-label=\"Carrusel de im\u00e1genes\" dir=\"ltr\">\n\t\t\t<div class=\"elementor-image-carousel swiper-wrapper\" aria-live=\"polite\">\n\t\t\t\t\t\t\t\t<div class=\"swiper-slide\" role=\"group\" aria-roledescription=\"slide\" aria-label=\"1 de 10\"><figure class=\"swiper-slide-inner\"><img class=\"swiper-slide-image swiper-lazy\" data-src=\"https:\/\/dosterraswinegarden.com\/wp-content\/uploads\/2023\/03\/\u00a9Tardet_FustaiFoc34-1536x1025.jpg\" alt=\"Celler Dosterras, bodega situada al Priorat i pertanyent a la DO Montsant\" \/><div class=\"swiper-lazy-preloader\"><\/div><\/figure><\/div><div class=\"swiper-slide\" role=\"group\" aria-roledescription=\"slide\" aria-label=\"2 de 10\"><figure class=\"swiper-slide-inner\"><img class=\"swiper-slide-image swiper-lazy\" data-src=\"https:\/\/dosterraswinegarden.com\/wp-content\/uploads\/2022\/11\/\u00a9Tardet_FustaiFoc123-scaled-1-1536x1025.jpg\" alt=\"Zona wine bar\" \/><div class=\"swiper-lazy-preloader\"><\/div><\/figure><\/div><div class=\"swiper-slide\" role=\"group\" aria-roledescription=\"slide\" aria-label=\"3 de 10\"><figure class=\"swiper-slide-inner\"><img class=\"swiper-slide-image swiper-lazy\" data-src=\"https:\/\/dosterraswinegarden.com\/wp-content\/uploads\/2023\/06\/\u00a9EstudiTardet_Terrer_16-1536x1025.jpg\" alt=\"Zona de piscina\" \/><div class=\"swiper-lazy-preloader\"><\/div><\/figure><\/div><div class=\"swiper-slide\" role=\"group\" aria-roledescription=\"slide\" aria-label=\"4 de 10\"><figure class=\"swiper-slide-inner\"><img class=\"swiper-slide-image swiper-lazy\" data-src=\"https:\/\/dosterraswinegarden.com\/wp-content\/uploads\/2023\/06\/\u00a9EstudiTardet_Terrer_4-1536x1025.jpg\" alt=\"Jardins\" \/><div class=\"swiper-lazy-preloader\"><\/div><\/figure><\/div><div class=\"swiper-slide\" role=\"group\" aria-roledescription=\"slide\" aria-label=\"5 de 10\"><figure class=\"swiper-slide-inner\"><img class=\"swiper-slide-image swiper-lazy\" data-src=\"https:\/\/dosterraswinegarden.com\/wp-content\/uploads\/2023\/06\/\u00a9EstudiTardet_Terrer_12-1536x1025.jpg\" alt=\"Panor\u00e0mica de l&#039;espai\" \/><div class=\"swiper-lazy-preloader\"><\/div><\/figure><\/div><div class=\"swiper-slide\" role=\"group\" aria-roledescription=\"slide\" aria-label=\"6 de 10\"><figure class=\"swiper-slide-inner\"><img class=\"swiper-slide-image swiper-lazy\" data-src=\"https:\/\/dosterraswinegarden.com\/wp-content\/uploads\/2023\/03\/\u00a9Tardet_FustaiFoc140-1536x1025.jpg\" alt=\"Vinyes\" \/><div class=\"swiper-lazy-preloader\"><\/div><\/figure><\/div><div class=\"swiper-slide\" role=\"group\" aria-roledescription=\"slide\" aria-label=\"7 de 10\"><figure class=\"swiper-slide-inner\"><img class=\"swiper-slide-image swiper-lazy\" data-src=\"https:\/\/dosterraswinegarden.com\/wp-content\/uploads\/2023\/06\/\u00a9EstudiTardet_Terrer_11-1536x1025.jpg\" alt=\"Grans jardins\" \/><div class=\"swiper-lazy-preloader\"><\/div><\/figure><\/div><div class=\"swiper-slide\" role=\"group\" aria-roledescription=\"slide\" aria-label=\"8 de 10\"><figure class=\"swiper-slide-inner\"><img class=\"swiper-slide-image swiper-lazy\" data-src=\"https:\/\/dosterraswinegarden.com\/wp-content\/uploads\/2023\/06\/\u00a9EstudiTardet_Terrer_8-1536x1025.jpg\" alt=\"Zona de cates Celler Dosterras\" \/><div class=\"swiper-lazy-preloader\"><\/div><\/figure><\/div><div class=\"swiper-slide\" role=\"group\" aria-roledescription=\"slide\" aria-label=\"9 de 10\"><figure class=\"swiper-slide-inner\"><img class=\"swiper-slide-image swiper-lazy\" data-src=\"https:\/\/dosterraswinegarden.com\/wp-content\/uploads\/2023\/06\/\u00a9EstudiTardet_Terrer_19-1536x1025.jpg\" alt=\"Terrassa Hotel\" \/><div class=\"swiper-lazy-preloader\"><\/div><\/figure><\/div><div class=\"swiper-slide\" role=\"group\" aria-roledescription=\"slide\" aria-label=\"10 de 10\"><figure class=\"swiper-slide-inner\"><img class=\"swiper-slide-image swiper-lazy\" data-src=\"https:\/\/dosterraswinegarden.com\/wp-content\/uploads\/2022\/10\/\u00a9Tardet_FustaiFoc36-1536x1025.jpg\" alt=\"Zona de grill\" \/><div class=\"swiper-lazy-preloader\"><\/div><\/figure><\/div>\t\t\t<\/div>\n\t\t\t\t\t\t\t\t\t\t\t\t<div class=\"elementor-swiper-button elementor-swiper-button-prev\" role=\"button\" tabindex=\"0\">\n\t\t\t\t\t\t<i aria-hidden=\"true\" class=\"eicon-chevron-left\"><\/i>\t\t\t\t\t<\/div>\n\t\t\t\t\t<div class=\"elementor-swiper-button elementor-swiper-button-next\" role=\"button\" tabindex=\"0\">\n\t\t\t\t\t\t<i aria-hidden=\"true\" class=\"eicon-chevron-right\"><\/i>\t\t\t\t\t<\/div>\n\t\t\t\t\n\t\t\t\t\t\t\t\t\t<\/div>\n\t\t\t\t\t\t<\/div>\n\t\t\t\t<\/div>\n\t\t\t\t\t<\/div>\n\t\t<\/div>\n\t\t\t\t\t<\/div>\n\t\t<\/section>\n\t\t\t\t<\/div>\n\t\t","protected":false},"excerpt":{"rendered":"<p>POSIBILIDADES INFINITAS ESPACIOS POLIVALENTES Dosterras Wine Garden se encuentra rodeada de los vi\u00f1edos y de unas imponentes vistas del parque natural de la Sierra de Llaberia. Tenemos diferentes espacios que [&hellip;]<\/p>\n","protected":false},"author":2,"featured_media":0,"parent":0,"menu_order":0,"comment_status":"closed","ping_status":"closed","template":"","meta":{"_themeisle_gutenberg_block_has_review":false,"_joinchat":[],"footnotes":""},"class_list":["post-11509","page","type-page","status-publish","hentry"],"yoast_head":"<!-- This site is optimized with the Yoast SEO plugin v27.5 - https:\/\/yoast.com\/product\/yoast-seo-wordpress\/ -->\n<title>Espacios - Dosterras Wine Garden<\/title>\n<meta name=\"robots\" content=\"index, follow, max-snippet:-1, max-image-preview:large, max-video-preview:-1\" \/>\n<link rel=\"canonical\" href=\"https:\/\/dosterraswinegarden.com\/espais\/\" \/>\n<meta property=\"og:locale\" content=\"es_ES\" \/>\n<meta property=\"og:type\" content=\"article\" \/>\n<meta property=\"og:title\" content=\"Espacios - Dosterras Wine Garden\" \/>\n<meta property=\"og:description\" content=\"POSIBILIDADES INFINITAS ESPACIOS POLIVALENTES Dosterras Wine Garden se encuentra rodeada de los vi\u00f1edos y de unas imponentes vistas del parque natural de la Sierra de Llaberia. Tenemos diferentes espacios que [&hellip;]\" \/>\n<meta property=\"og:url\" content=\"https:\/\/dosterraswinegarden.com\/espais\/\" \/>\n<meta property=\"og:site_name\" content=\"Dosterras Wine Garden\" \/>\n<meta property=\"article:modified_time\" content=\"2023-09-15T13:25:17+00:00\" \/>\n<meta property=\"og:image\" content=\"https:\/\/dosterraswinegarden.com\/wp-content\/uploads\/2022\/07\/4FUSTAIFOCHOME-scaled-e1659609609233-400x400.jpg\" \/>\n<meta name=\"twitter:card\" content=\"summary_large_image\" \/>\n<meta name=\"twitter:label1\" content=\"Tiempo de lectura\" \/>\n\t<meta name=\"twitter:data1\" content=\"1 minuto\" \/>\n<script type=\"application\/ld+json\" class=\"yoast-schema-graph\">{\"@context\":\"https:\\\/\\\/schema.org\",\"@graph\":[{\"@type\":\"WebPage\",\"@id\":\"https:\\\/\\\/dosterraswinegarden.com\\\/espais\\\/\",\"url\":\"https:\\\/\\\/dosterraswinegarden.com\\\/espais\\\/\",\"name\":\"Espacios - Dosterras Wine Garden\",\"isPartOf\":{\"@id\":\"https:\\\/\\\/dosterraswinegarden.com\\\/#website\"},\"primaryImageOfPage\":{\"@id\":\"https:\\\/\\\/dosterraswinegarden.com\\\/espais\\\/#primaryimage\"},\"image\":{\"@id\":\"https:\\\/\\\/dosterraswinegarden.com\\\/espais\\\/#primaryimage\"},\"thumbnailUrl\":\"https:\\\/\\\/dosterraswinegarden.com\\\/wp-content\\\/uploads\\\/2022\\\/07\\\/4FUSTAIFOCHOME-scaled-e1659609609233-400x400.jpg\",\"datePublished\":\"2021-09-24T11:06:30+00:00\",\"dateModified\":\"2023-09-15T13:25:17+00:00\",\"breadcrumb\":{\"@id\":\"https:\\\/\\\/dosterraswinegarden.com\\\/espais\\\/#breadcrumb\"},\"inLanguage\":\"es\",\"potentialAction\":[{\"@type\":\"ReadAction\",\"target\":[\"https:\\\/\\\/dosterraswinegarden.com\\\/espais\\\/\"]}]},{\"@type\":\"ImageObject\",\"inLanguage\":\"es\",\"@id\":\"https:\\\/\\\/dosterraswinegarden.com\\\/espais\\\/#primaryimage\",\"url\":\"https:\\\/\\\/dosterraswinegarden.com\\\/wp-content\\\/uploads\\\/2022\\\/07\\\/4FUSTAIFOCHOME-scaled-e1659609609233-400x400.jpg\",\"contentUrl\":\"https:\\\/\\\/dosterraswinegarden.com\\\/wp-content\\\/uploads\\\/2022\\\/07\\\/4FUSTAIFOCHOME-scaled-e1659609609233-400x400.jpg\"},{\"@type\":\"BreadcrumbList\",\"@id\":\"https:\\\/\\\/dosterraswinegarden.com\\\/espais\\\/#breadcrumb\",\"itemListElement\":[{\"@type\":\"ListItem\",\"position\":1,\"name\":\"Inici\",\"item\":\"https:\\\/\\\/dosterraswinegarden.com\\\/es\\\/\"},{\"@type\":\"ListItem\",\"position\":2,\"name\":\"Espacios\"}]},{\"@type\":\"WebSite\",\"@id\":\"https:\\\/\\\/dosterraswinegarden.com\\\/#website\",\"url\":\"https:\\\/\\\/dosterraswinegarden.com\\\/\",\"name\":\"Dosterras Wine Garden\",\"description\":\"Bodes, events i vins al Priorat\",\"potentialAction\":[{\"@type\":\"SearchAction\",\"target\":{\"@type\":\"EntryPoint\",\"urlTemplate\":\"https:\\\/\\\/dosterraswinegarden.com\\\/?s={search_term_string}\"},\"query-input\":{\"@type\":\"PropertyValueSpecification\",\"valueRequired\":true,\"valueName\":\"search_term_string\"}}],\"inLanguage\":\"es\"}]}<\/script>\n<!-- \/ Yoast SEO plugin. -->","yoast_head_json":{"title":"Espacios - Dosterras Wine Garden","robots":{"index":"index","follow":"follow","max-snippet":"max-snippet:-1","max-image-preview":"max-image-preview:large","max-video-preview":"max-video-preview:-1"},"canonical":"https:\/\/dosterraswinegarden.com\/espais\/","og_locale":"es_ES","og_type":"article","og_title":"Espacios - Dosterras Wine Garden","og_description":"POSIBILIDADES INFINITAS ESPACIOS POLIVALENTES Dosterras Wine Garden se encuentra rodeada de los vi\u00f1edos y de unas imponentes vistas del parque natural de la Sierra de Llaberia. Tenemos diferentes espacios que [&hellip;]","og_url":"https:\/\/dosterraswinegarden.com\/espais\/","og_site_name":"Dosterras Wine Garden","article_modified_time":"2023-09-15T13:25:17+00:00","og_image":[{"url":"https:\/\/dosterraswinegarden.com\/wp-content\/uploads\/2022\/07\/4FUSTAIFOCHOME-scaled-e1659609609233-400x400.jpg","type":"","width":"","height":""}],"twitter_card":"summary_large_image","twitter_misc":{"Tiempo de lectura":"1 minuto"},"schema":{"@context":"https:\/\/schema.org","@graph":[{"@type":"WebPage","@id":"https:\/\/dosterraswinegarden.com\/espais\/","url":"https:\/\/dosterraswinegarden.com\/espais\/","name":"Espacios - Dosterras Wine Garden","isPartOf":{"@id":"https:\/\/dosterraswinegarden.com\/#website"},"primaryImageOfPage":{"@id":"https:\/\/dosterraswinegarden.com\/espais\/#primaryimage"},"image":{"@id":"https:\/\/dosterraswinegarden.com\/espais\/#primaryimage"},"thumbnailUrl":"https:\/\/dosterraswinegarden.com\/wp-content\/uploads\/2022\/07\/4FUSTAIFOCHOME-scaled-e1659609609233-400x400.jpg","datePublished":"2021-09-24T11:06:30+00:00","dateModified":"2023-09-15T13:25:17+00:00","breadcrumb":{"@id":"https:\/\/dosterraswinegarden.com\/espais\/#breadcrumb"},"inLanguage":"es","potentialAction":[{"@type":"ReadAction","target":["https:\/\/dosterraswinegarden.com\/espais\/"]}]},{"@type":"ImageObject","inLanguage":"es","@id":"https:\/\/dosterraswinegarden.com\/espais\/#primaryimage","url":"https:\/\/dosterraswinegarden.com\/wp-content\/uploads\/2022\/07\/4FUSTAIFOCHOME-scaled-e1659609609233-400x400.jpg","contentUrl":"https:\/\/dosterraswinegarden.com\/wp-content\/uploads\/2022\/07\/4FUSTAIFOCHOME-scaled-e1659609609233-400x400.jpg"},{"@type":"BreadcrumbList","@id":"https:\/\/dosterraswinegarden.com\/espais\/#breadcrumb","itemListElement":[{"@type":"ListItem","position":1,"name":"Inici","item":"https:\/\/dosterraswinegarden.com\/es\/"},{"@type":"ListItem","position":2,"name":"Espacios"}]},{"@type":"WebSite","@id":"https:\/\/dosterraswinegarden.com\/#website","url":"https:\/\/dosterraswinegarden.com\/","name":"Dosterras Wine Garden","description":"Bodes, events i vins al Priorat","potentialAction":[{"@type":"SearchAction","target":{"@type":"EntryPoint","urlTemplate":"https:\/\/dosterraswinegarden.com\/?s={search_term_string}"},"query-input":{"@type":"PropertyValueSpecification","valueRequired":true,"valueName":"search_term_string"}}],"inLanguage":"es"}]}},"_links":{"self":[{"href":"https:\/\/dosterraswinegarden.com\/es\/wp-json\/wp\/v2\/pages\/11509","targetHints":{"allow":["GET"]}}],"collection":[{"href":"https:\/\/dosterraswinegarden.com\/es\/wp-json\/wp\/v2\/pages"}],"about":[{"href":"https:\/\/dosterraswinegarden.com\/es\/wp-json\/wp\/v2\/types\/page"}],"author":[{"embeddable":true,"href":"https:\/\/dosterraswinegarden.com\/es\/wp-json\/wp\/v2\/users\/2"}],"replies":[{"embeddable":true,"href":"https:\/\/dosterraswinegarden.com\/es\/wp-json\/wp\/v2\/comments?post=11509"}],"version-history":[{"count":25,"href":"https:\/\/dosterraswinegarden.com\/es\/wp-json\/wp\/v2\/pages\/11509\/revisions"}],"predecessor-version":[{"id":15184,"href":"https:\/\/dosterraswinegarden.com\/es\/wp-json\/wp\/v2\/pages\/11509\/revisions\/15184"}],"wp:attachment":[{"href":"https:\/\/dosterraswinegarden.com\/es\/wp-json\/wp\/v2\/media?parent=11509"}],"curies":[{"name":"wp","href":"https:\/\/api.w.org\/{rel}","templated":true}]}}